{"id":3427,"date":"2020-03-11T12:49:05","date_gmt":"2020-03-11T10:49:05","guid":{"rendered":"https:\/\/hermannstadt.evang.ro\/?page_id=3427"},"modified":"2020-05-03T12:58:04","modified_gmt":"2020-05-03T09:58:04","slug":"botez","status":"publish","type":"page","link":"https:\/\/hermannstadt.evang.ro\/ro\/ceremonii-bisericiesti\/botez\/","title":{"rendered":"Botez"},"content":{"rendered":"<h3><img decoding=\"async\" class=\"size-full wp-image-2611 alignright\" src=\"https:\/\/hermannstadt.evang.ro\/wp-content\/uploads\/2020\/01\/TaufeHammersdorf.jpg\" alt=\"\" width=\"400\" srcset=\"https:\/\/hermannstadt.evang.ro\/wp-content\/uploads\/2020\/01\/TaufeHammersdorf.jpg 1000w, https:\/\/hermannstadt.evang.ro\/wp-content\/uploads\/2020\/01\/TaufeHammersdorf-300x209.jpg 300w, https:\/\/hermannstadt.evang.ro\/wp-content\/uploads\/2020\/01\/TaufeHammersdorf-768x536.jpg 768w\" sizes=\"(max-width: 1000px) 100vw, 1000px\" \/>\u00cen primul r\u00e2nd<span style=\"font-weight: 400;\">:<\/span><\/h3>\n<p><span style=\"font-weight: 400;\">Botezul este un sacrament \/ o tain\u0103 \/ care une\u0219te to\u021bi cre\u0219tinii. Prin botez devenim un membru la trupul spiritual al lui Christos, apar\u021binem deci de biserica cre\u0219tin\u0103. Botezul este unic \u0219i irevocabil \u00een via\u021ba unui om, indiferent \u00een care confesiune a fost realizat.\u00a0<\/span><\/p>\n<p>Dorim s\u0103 fim o parohie prietenoas\u0103 cu copii. Invit\u0103m deja mamele cu bebelu\u0219ii la \/\/Krabbelstunde\/\/ un fel de socializare; aproape \u00een fiecare duminic\u0103, copii care vin la biseric\u0103 sunt invita\u021bi \u00eentr-un program special, adecvat v\u00e2rstei; din gr\u0103dini\u021b\u0103 p\u00een\u0103 la liceu sunt diferite trepte ale corului de copii \u0219i tineri, iar din c\u00e2nd \u00een c\u00e2nd sunt organizate slujbe pentru toat\u0103 familia.<\/p>\n<h3>Rolul p\u0103rin\u021bilor \u0219i al na\u0219ilor<\/h3>\n<p>Important\u0103 este \u00eencrederea p\u0103rin\u021bilor \u0219i a na\u0219ilor, c\u0103 \u0219i acest copil este copil al lui Dumnezeu, care g\u0103se\u0219te ad\u0103post \u00een comuniunea celor boteza\u021bi. \u00cempreun\u0103 cu p\u0103rin\u021bii, na\u0219ii promit c\u0103 vor avea grij\u0103 de educarea copilului \u00een spirit cre\u0219tinesc. De aceea, na\u0219ii vor apar\u021bine unei biserici cre\u0219tine, iar cel pu\u021bin unul dintre na\u0219i trebuie s\u0103 apar\u021bin\u0103 confesiunii evanghelice. Este normal pentru noi, ca p\u0103rin\u021bii s\u0103 invite mai mul\u021bi na\u0219i pentru copilul lor &#8211; \u00eentre 4 \u0219i 8 persoane.<\/p>\n<p>&nbsp;<\/p>\n<h3>Preg\u0103tire<\/h3>\n<p><span style=\"font-weight: 400;\">Este normal, ca botezul s\u0103 fie integrat \u00eentr-un serviciu divin duminical, unde particip\u0103 \u0219i enoria\u0219i ai parohiei noastre, care vor primi noul-botezat \u00een r\u00e2ndul comunit\u0103\u021bii. \u00cen cazuri excep\u021bionale, botezul poate avea loc \u0219i \u00eentr-o slujb\u0103 i.<\/span><\/p>\n<p>Important\u0103 este \u00eent\u00e2lnirea cu preotul cu 2-3 s\u0103pt\u0103m\u00e2ni \u00eenaintea botezului, care se poate programa prin secretariatul parohiei. Cu aceast\u0103 ocazie, p\u0103rin\u021bii \u0219i na\u0219ii se pot informa asupra botezului \u00een general \u0219i asupra tradi\u021biilor locale \u00een special, cum ar fi ordinea slujbei de botez cu citiri, c\u00e2ntece, crezul apostolic, apa de botez, binecuv\u00e2ntarea mamei etc.\u00a0 P\u0103rin\u021bii \u0219i na\u0219ii vor alege un verset biblic ca moto-ul pentru botez, adic\u0103 un cuv\u00e2nt biblic care va \u00eenso\u021bi copilul cel pu\u021bin p\u00e2n\u0103 la confirmare, vor discuta \u00eempodobirea altarului, lum\u00e2narea de botez sau limba \u00een care se va vorbi la slujb\u0103.<\/p>\n<p><strong>Fotografii &amp; Film\u0103ri<\/strong><\/p>\n<p><span style=\"font-weight: 400;\">V\u0103 rug\u0103m s\u0103 desemna\u021bi o singur\u0103 persoan\u0103, care va face poze sau filmeaz\u0103 \u00een cadrul slujbei de botez dintr-o distan\u021b\u0103 potrivit\u0103 de c\u00e2\u021biva metri, folosind doar lumina existent\u0103.\u00a0 Nu ar fi adecvat, dac\u0103 fiecare dintre participan\u021bi ar \u00eencerca s\u0103 prind\u0103 c\u00e2te un moment cheie &#8211; probabil va pierde esen\u021bialul, dac\u0103 transform\u0103 botezul \u00eentr-o sesiune de fotografiere. Dac\u0103 opta\u021bi pentru o filmare, acest lucru este posibil cu condi\u021bia ca cel care filmeaz\u0103 s\u0103 r\u0103m\u00e2n\u0103 \u00eentr-un singur loc.\u00a0<\/span><\/p>\n<p><span style=\"font-weight: 400;\">Cu drag, preotul \u0219i to\u021bi cei prezen\u021bi vor putea s\u0103 se a\u0219eze la sf\u00e2r\u0219itul slujbei pentru o fotografie de grup \u00een fa\u021ba altarului sau \u00een jurul cristelni\u021bei, o poz\u0103 \u00een care se va vedea fiecare fa\u021b\u0103 mai frumos dec\u00e2t \u00een timpul slujbei.\u00a0<\/span><\/p>\n<p><b><i>Taxe\u00a0<\/i><\/b><\/p>\n<p><span style=\"font-weight: 400;\">Pentru membrii parohiei noastre, taxele botezului copiilor sunt deja incluse \u00een contribu\u021bia bisericeasc\u0103 anual\u0103.\u00a0<\/span><\/p>\n<p>P\u0103rin\u021bii, care apar\u021bin unei alte parohii din cadrul Bisericii Evanghelice C.A. din Rom\u00e2nia, sunt ruga\u021bi s\u0103 contribuie cu 150 Lei, iar cei care provin din \u021b\u0103rile vest-europene, cu 100 de euro.<\/p>\n<p>Desigur este posibil \u0219i de dorit din partea noastr\u0103, dac\u0103 p\u0103rin\u021bii din alte parohii vin cu preotul, de care apar\u021bin acas\u0103, pentru a oficia botezul \u00een biserica noastr\u0103.<\/p>\n<p>&nbsp;<\/p>\n<p><b><i>Acte necesare:<\/i><\/b><\/p>\n<ol>\n<li style=\"font-weight: 400;\"><span style=\"font-weight: 400;\">Adeverin\u021ba \/ certificatul de botez al p\u0103rin\u021bilor (copie).<\/span><\/li>\n<li style=\"font-weight: 400;\"><span style=\"font-weight: 400;\">Certificatul de na\u0219tere al copilului, care va fi botezat (copie)<\/span><\/li>\n<li style=\"font-weight: 400;\"><span style=\"font-weight: 400;\">P\u0103rinii, care vin dintr-o alt\u0103 parohie vor aduce un \u201aDimissoriale\u2019, adic\u0103 un acord al parohiei de unde provin, ca acest botez s\u0103 fie oficiat \u00een parohia noastr\u0103 din Sibiu.\u00a0<\/span><\/li>\n<li style=\"font-weight: 400;\"><span style=\"font-weight: 400;\">Cel pu\u021bin unul dintre na\u0219i trebuie s\u0103 apar\u021bin\u0103 confesiunii noastre lutherane, adic\u0103 Evanghelic C.A.\u00a0<\/span><\/li>\n<\/ol>\n","protected":false},"excerpt":{"rendered":"<p>\u00cen primul r\u00e2nd: Botezul este un sacrament \/ o tain\u0103 \/ care une\u0219te to\u021bi cre\u0219tinii. Prin botez devenim un membru la trupul spiritual al lui Christos, apar\u021binem deci de biserica cre\u0219tin\u0103. Botezul este unic \u0219i irevocabil \u00een via\u021ba unui om, indiferent \u00een care confesiune a fost realizat.\u00a0 Dorim s\u0103 fim o parohie prietenoas\u0103 cu copii. [&hellip;]<\/p>\n","protected":false},"author":2,"featured_media":0,"parent":2649,"menu_order":0,"comment_status":"closed","ping_status":"closed","template":"","meta":{"footnotes":""},"class_list":["post-3427","page","type-page","status-publish","czr-hentry"],"_links":{"self":[{"href":"https:\/\/hermannstadt.evang.ro\/ro\/wp-json\/wp\/v2\/pages\/3427","targetHints":{"allow":["GET"]}}],"collection":[{"href":"https:\/\/hermannstadt.evang.ro\/ro\/wp-json\/wp\/v2\/pages"}],"about":[{"href":"https:\/\/hermannstadt.evang.ro\/ro\/wp-json\/wp\/v2\/types\/page"}],"author":[{"embeddable":true,"href":"https:\/\/hermannstadt.evang.ro\/ro\/wp-json\/wp\/v2\/users\/2"}],"replies":[{"embeddable":true,"href":"https:\/\/hermannstadt.evang.ro\/ro\/wp-json\/wp\/v2\/comments?post=3427"}],"version-history":[{"count":10,"href":"https:\/\/hermannstadt.evang.ro\/ro\/wp-json\/wp\/v2\/pages\/3427\/revisions"}],"predecessor-version":[{"id":4208,"href":"https:\/\/hermannstadt.evang.ro\/ro\/wp-json\/wp\/v2\/pages\/3427\/revisions\/4208"}],"up":[{"embeddable":true,"href":"https:\/\/hermannstadt.evang.ro\/ro\/wp-json\/wp\/v2\/pages\/2649"}],"wp:attachment":[{"href":"https:\/\/hermannstadt.evang.ro\/ro\/wp-json\/wp\/v2\/media?parent=3427"}],"curies":[{"name":"wp","href":"https:\/\/api.w.org\/{rel}","templated":true}]}}