{"id":3918,"date":"2020-04-01T16:50:25","date_gmt":"2020-04-01T13:50:25","guid":{"rendered":"https:\/\/hermannstadt.evang.ro\/?page_id=3918"},"modified":"2021-02-21T19:48:44","modified_gmt":"2021-02-21T17:48:44","slug":"confirmarea","status":"publish","type":"page","link":"https:\/\/hermannstadt.evang.ro\/ro\/ceremonii-bisericiesti\/confirmarea\/","title":{"rendered":"Confirmarea"},"content":{"rendered":"<figure id=\"attachment_1032\" aria-describedby=\"caption-attachment-1032\" style=\"width: 300px\" class=\"wp-caption alignright\"><a href=\"https:\/\/hermannstadt.evang.ro\/wp-content\/uploads\/2019\/10\/1-konfirmanden-1024x768-1.jpg\"><img loading=\"lazy\" decoding=\"async\" class=\"wp-image-1032 size-medium\" src=\"https:\/\/hermannstadt.evang.ro\/wp-content\/uploads\/2019\/10\/1-konfirmanden-1024x768-1-300x225.jpg\" alt=\"\" width=\"300\" height=\"225\" srcset=\"https:\/\/hermannstadt.evang.ro\/wp-content\/uploads\/2019\/10\/1-konfirmanden-1024x768-1-300x225.jpg 300w, https:\/\/hermannstadt.evang.ro\/wp-content\/uploads\/2019\/10\/1-konfirmanden-1024x768-1-768x576.jpg 768w, https:\/\/hermannstadt.evang.ro\/wp-content\/uploads\/2019\/10\/1-konfirmanden-1024x768-1.jpg 1024w\" sizes=\"auto, (max-width: 300px) 100vw, 300px\" \/><\/a><figcaption id=\"caption-attachment-1032\" class=\"wp-caption-text\">12 tineri au fost confirmati \u00een duminica dinaintea rusaliilor 2019 \u00een biserica Sf. Ioan<\/figcaption><\/figure>\n<p>\u00cen timpul confirm\u0103rii, noi \u00eenso\u021bim tinerii pe calea lor de a deveni oameni de sine st\u0103t\u0103tori \u0219i responsabili.\u00a0 \u00cen prim plan este afirmarea (confirmarea) propriului botez &#8211;\u00a0 pentru\u00a0 c\u0103 \u00een comunitatea noastr\u0103 majoritatea persoanelor au fost deja botezate \u00een timpul copil\u0103riei. Timp de doi ani \u00een aceast\u0103 perioad\u0103 de confirmare, tinerii sunt sus\u021binu\u021bi \u0219i \u00eent\u0103ri\u021bi \u00een credin\u021ba lor \u0219i \u00een c\u0103utarea propriului drum \u00een via\u021b\u0103. Ei au astfel prilejul s\u0103 trateze subiecte care de obicei sunt neglijate sau omise la \u015fcoal\u0103.\u00a0 Tinerii au astfel ocazia s\u0103 discute despre \u00eentreb\u0103ri legate de credin\u0163\u0103 \u015fi subiecte din domeniul religios: via\u021b\u0103 \u0219i moarte, dumnezeu, a\u0219a cum sunt eu, rug\u0103ciunea, p\u0103strarea crea\u021biei intacte sau crezul \u00een care au fost boteza\u021bi, exers\u00e2nd astfel s\u0103 se articuleze mai exact.\u00a0 De asemenea au prilejul s\u0103 cunoasc\u0103 mai bine comunitatea local\u0103 \u015fi slujbele religioase.<\/p>\n<p>\u00censcrierea la cursurile de confirmare se face de obicei la sf\u00e2r\u0219itul clasei a VII-a. Aceast\u0103 perioad\u0103 de 2 ani, \u00een care au loc cursurile p\u00e2n\u0103 la confirmare propriu zis\u0103, se nume\u015fte \u201eKonfi Zeit\u201d. \u00cencepe \u00een clasa a VIII-a mai lejer (din cauza examenelor obi\u0219nuite care au loc \u00een acest an) \u015fi se continu\u0103 \u00een clasa a IX-a pu\u021bin mai intensiv.<\/p>\n<figure id=\"attachment_3148\" aria-describedby=\"caption-attachment-3148\" style=\"width: 300px\" class=\"wp-caption alignright\"><img loading=\"lazy\" decoding=\"async\" class=\"wp-image-3148 size-medium\" src=\"https:\/\/hermannstadt.evang.ro\/wp-content\/uploads\/2020\/03\/Konfirmation2017Hermannstadt4kl-300x281.jpg\" alt=\"\" width=\"300\" height=\"281\" srcset=\"https:\/\/hermannstadt.evang.ro\/wp-content\/uploads\/2020\/03\/Konfirmation2017Hermannstadt4kl-300x281.jpg 300w, https:\/\/hermannstadt.evang.ro\/wp-content\/uploads\/2020\/03\/Konfirmation2017Hermannstadt4kl-768x719.jpg 768w, https:\/\/hermannstadt.evang.ro\/wp-content\/uploads\/2020\/03\/Konfirmation2017Hermannstadt4kl-1024x959.jpg 1024w, https:\/\/hermannstadt.evang.ro\/wp-content\/uploads\/2020\/03\/Konfirmation2017Hermannstadt4kl.jpg 1281w\" sizes=\"auto, (max-width: 300px) 100vw, 300px\" \/><figcaption id=\"caption-attachment-3148\" class=\"wp-caption-text\">Confirmarea 2017 cu preo\u021bii Hans-Georg Junesch \u0219i\u00a0 Joel Schlachtenhaufen<span style=\"font-size: calc(0.79em + 0.1045 * ((100vw - 20em) \/ 40));\">.<\/span><\/figcaption><\/figure>\n<p>Taberele de confirmare, vizitele \u0219i stagiile la institu\u021biile parohiei noastre, precum \u0219i \u00eent\u00e2lnirile cu confirmanzii din alte parohii ajut\u0103 tinerii la formarea unei imagini de ansamblu despre biseric\u0103 \u015fi tot ce \u0163ine de aceasta. Slujba de confirmare are loc de obicei \u00een duminica Exaudi, duminica dinaintea Rusaliilor. \u00cenaintea confirm\u0103rii are loc prezentarea confirmanzilor (\u00een trecut se numea \u201eExamen\u201d). Aici fiecare confirmand se prezint\u0103, se poveste\u015fte despre cei 2 ani numi\u0163i \u201eKonfirmandenzeit\u201d, fiecare confirmand \u00ee\u015fi prezint\u0103 \u00a0versetul biblic \u015fi se discut\u0103 mai detaliat teme specifice.\u00a0 \u00cen centrul slujbei de confirmare st\u0103 binecuv\u00e2ntarea, pe care tinerii o primesc \u00eempreun\u0103 cu un moto biblic, pentru via\u021ba lor de acum \u00eencolo.<\/p>\n<p>Pe l\u00e2ng\u0103 acestea, confirmarea \u00a0este \u0219i o festivitate \u00een familie unde t\u00e2n\u0103ra confirmand\u0103 este s\u0103rb\u0103torit\u0103 \u0219i fiecare trebuie s\u0103 accepte: timpul copil\u0103riei apa\u021bine trecutului.<\/p>\n<p>&nbsp;<\/p>\n<p>&nbsp;<\/p>\n","protected":false},"excerpt":{"rendered":"<p>\u00cen timpul confirm\u0103rii, noi \u00eenso\u021bim tinerii pe calea lor de a deveni oameni de sine st\u0103t\u0103tori \u0219i responsabili.\u00a0 \u00cen prim plan este afirmarea (confirmarea) propriului botez &#8211;\u00a0 pentru\u00a0 c\u0103 \u00een comunitatea noastr\u0103 majoritatea persoanelor au fost deja botezate \u00een timpul copil\u0103riei. Timp de doi ani \u00een aceast\u0103 perioad\u0103 de confirmare, tinerii sunt sus\u021binu\u021bi \u0219i \u00eent\u0103ri\u021bi [&hellip;]<\/p>\n","protected":false},"author":2,"featured_media":0,"parent":2649,"menu_order":0,"comment_status":"closed","ping_status":"closed","template":"","meta":{"footnotes":""},"class_list":["post-3918","page","type-page","status-publish","czr-hentry"],"_links":{"self":[{"href":"https:\/\/hermannstadt.evang.ro\/ro\/wp-json\/wp\/v2\/pages\/3918","targetHints":{"allow":["GET"]}}],"collection":[{"href":"https:\/\/hermannstadt.evang.ro\/ro\/wp-json\/wp\/v2\/pages"}],"about":[{"href":"https:\/\/hermannstadt.evang.ro\/ro\/wp-json\/wp\/v2\/types\/page"}],"author":[{"embeddable":true,"href":"https:\/\/hermannstadt.evang.ro\/ro\/wp-json\/wp\/v2\/users\/2"}],"replies":[{"embeddable":true,"href":"https:\/\/hermannstadt.evang.ro\/ro\/wp-json\/wp\/v2\/comments?post=3918"}],"version-history":[{"count":7,"href":"https:\/\/hermannstadt.evang.ro\/ro\/wp-json\/wp\/v2\/pages\/3918\/revisions"}],"predecessor-version":[{"id":5519,"href":"https:\/\/hermannstadt.evang.ro\/ro\/wp-json\/wp\/v2\/pages\/3918\/revisions\/5519"}],"up":[{"embeddable":true,"href":"https:\/\/hermannstadt.evang.ro\/ro\/wp-json\/wp\/v2\/pages\/2649"}],"wp:attachment":[{"href":"https:\/\/hermannstadt.evang.ro\/ro\/wp-json\/wp\/v2\/media?parent=3918"}],"curies":[{"name":"wp","href":"https:\/\/api.w.org\/{rel}","templated":true}]}}