{"id":3949,"date":"2020-04-01T22:24:20","date_gmt":"2020-04-01T19:24:20","guid":{"rendered":"https:\/\/hermannstadt.evang.ro\/?page_id=3949"},"modified":"2024-04-20T15:03:51","modified_gmt":"2024-04-20T12:03:51","slug":"copii","status":"publish","type":"page","link":"https:\/\/hermannstadt.evang.ro\/ro\/parohie\/copii\/","title":{"rendered":"Copii"},"content":{"rendered":"<p><em><a href=\"https:\/\/hermannstadt.evang.ro\/wp-content\/uploads\/2020\/03\/KiBiTage-224x300.jpg\"><img loading=\"lazy\" decoding=\"async\" class=\"alignleft wp-image-3581 size-medium\" src=\"https:\/\/hermannstadt.evang.ro\/wp-content\/uploads\/2020\/03\/KiBiTage-224x300.jpg\" alt=\"\" width=\"224\" height=\"300\" srcset=\"https:\/\/hermannstadt.evang.ro\/wp-content\/uploads\/2020\/03\/KiBiTage-224x300.jpg 224w, https:\/\/hermannstadt.evang.ro\/wp-content\/uploads\/2020\/03\/KiBiTage.jpg 745w\" sizes=\"auto, (max-width: 224px) 100vw, 224px\" \/><\/a><\/em><\/p>\n<p>Noi lucr\u0103m cu copiii, iar ei cu noi:<br \/>\n\u00een <strong>educa\u021bia religioas\u0103<\/strong>, \u00een <strong>celebr\u0103ri<\/strong> \u0219i <strong>corul pentru copii<\/strong> \u0219i \u00een <strong>activit\u0103\u021bile de recreere ale bisericii.<\/strong> Aceste domenii se completeaz\u0103 reciproc, \u0219i sunt interconectate.<\/p>\n<p>Oferim participarea la diferite grupe muzicale \u0219i \u00een vacan\u021be <strong>zile biblice pentru copii<\/strong>.<\/p>\n<p>Copiii \u00eenva\u021b\u0103 despre pove\u0219tile biblice, aprofundeaz\u0103 con\u021binutul acestora prin diverse activit\u0103\u021bi precum c\u00e2ntecul, dansul, pictura, me\u0219te\u0219ugurile, experimenteaz\u0103 p\u0103rt\u0103\u0219ia cu Dumnezeu \u0219i cu ceilal\u021bi \u00een cadrul unei s\u0103rb\u0103tori, \u00eenva\u021b\u0103 despre simbolurile cre\u0219tine \u0219i formele liturgice.<\/p>\n<p>Zilele biblice pentru copii pot fi momente speciale \u00een via\u021ba bisericii.<\/p>\n<p>Serviciile pentru familii &#8211; &#8222;<strong>Servicii pentru tineri \u0219i adul\u021bi<\/strong>&#8221; &#8211; \u0219i <strong>Festivalurile parohiale <\/strong>le ofer\u0103 copiilor ocazia de a s\u0103rb\u0103tori \u00eempreun\u0103 cu adul\u021bii.<\/p>\n<p>Suntem bucuro\u0219i s\u0103 invit\u0103m p\u0103rin\u021bii la festivit\u0103\u021bi \u0219i am fi \u00eenc\u00e2nta\u021bi dac\u0103 ar putea fi motiva\u021bi s\u0103 ne ajute din c\u00e2nd \u00een c\u00e2nd ca \u0219i voluntari.<\/p>\n<p>Anul \u0219colar \u00eencepe \u0219i se \u00eencheie de obicei cu o slujb\u0103 special\u0103 la biseric\u0103 &#8222;<strong>Slujba de binecuv\u00e2ntare a \u00eenceputului de an \u0219colar<\/strong>&#8221; &#8211; \u00a0<strong>Slujba de sf\u00e2r\u0219it de an \u0219colar<\/strong>&#8222;. Oricine poate s\u0103 silabiseasc\u0103 acest cuv\u00e2nt poate participa.<\/p>\n<p>Christine, Elisa, Dorli, Ramona und Klaus<\/p>\n<p><a href=\"https:\/\/hermannstadt.evang.ro\/wp-content\/uploads\/2023\/09\/Singgruppen-2023-Hermannstadt-970x1024.jpg\"><img loading=\"lazy\" decoding=\"async\" class=\"alignleft size-large wp-image-7612\" src=\"https:\/\/hermannstadt.evang.ro\/wp-content\/uploads\/2023\/09\/Singgruppen-2023-Hermannstadt-970x1024.jpg\" alt=\"\" width=\"970\" height=\"1024\" srcset=\"https:\/\/hermannstadt.evang.ro\/wp-content\/uploads\/2023\/09\/Singgruppen-2023-Hermannstadt-970x1024.jpg 970w, https:\/\/hermannstadt.evang.ro\/wp-content\/uploads\/2023\/09\/Singgruppen-2023-Hermannstadt-284x300.jpg 284w, https:\/\/hermannstadt.evang.ro\/wp-content\/uploads\/2023\/09\/Singgruppen-2023-Hermannstadt-768x811.jpg 768w, https:\/\/hermannstadt.evang.ro\/wp-content\/uploads\/2023\/09\/Singgruppen-2023-Hermannstadt.jpg 1307w\" sizes=\"auto, (max-width: 970px) 100vw, 970px\" \/><\/a><\/p>\n<div id='gallery-1' class='czr-gallery row flex-row czr-gallery-style gallery galleryid-3949 gallery-columns-4 gallery-size-thumbnail'><figure class='gallery-item col col-auto'>\r\n                        <div class='gallery-icon landscape czr-gallery-icon'>\r\n                              <a href=https:\/\/hermannstadt.evang.ro\/ro\/kibitag3-2\/ class=\"bg-link\"><\/a><img loading=\"lazy\" decoding=\"async\" width=\"150\" height=\"150\" src=\"https:\/\/hermannstadt.evang.ro\/wp-content\/uploads\/2020\/03\/KiBiTag3-150x150.jpg\" class=\"attachment-thumbnail size-thumbnail\" alt=\"\" sizes=\"auto, (min-width: 1200px) 112.5px, (min-width: 992px) 90px, (min-width: 768px) 60px, (min-width: 576px) 105px, calc( 50vw - 30px )\" srcset=\"https:\/\/hermannstadt.evang.ro\/wp-content\/uploads\/2020\/03\/KiBiTag3-150x150.jpg 150w, https:\/\/hermannstadt.evang.ro\/wp-content\/uploads\/2020\/03\/KiBiTag3-510x510.jpg 510w\" \/><div class=\"post-action btn btn-skin-dark-shaded inverted\"><a href=\"https:\/\/hermannstadt.evang.ro\/wp-content\/uploads\/2020\/03\/KiBiTag3.jpg\" class=\"icn-expand\" data-lb-type=\"grouped-gallery\"><\/a><\/div>\r\n                        <\/div><\/figure><figure class='gallery-item col col-auto'>\r\n                        <div class='gallery-icon landscape czr-gallery-icon'>\r\n                              <a href=https:\/\/hermannstadt.evang.ro\/ro\/kibitag2-2\/ class=\"bg-link\"><\/a><img loading=\"lazy\" decoding=\"async\" width=\"150\" height=\"150\" src=\"https:\/\/hermannstadt.evang.ro\/wp-content\/uploads\/2020\/03\/KiBiTag2-150x150.jpg\" class=\"attachment-thumbnail size-thumbnail\" alt=\"\" sizes=\"auto, (min-width: 1200px) 112.5px, (min-width: 992px) 90px, (min-width: 768px) 60px, (min-width: 576px) 105px, calc( 50vw - 30px )\" srcset=\"https:\/\/hermannstadt.evang.ro\/wp-content\/uploads\/2020\/03\/KiBiTag2-150x150.jpg 150w, https:\/\/hermannstadt.evang.ro\/wp-content\/uploads\/2020\/03\/KiBiTag2-510x510.jpg 510w\" \/><div class=\"post-action btn btn-skin-dark-shaded inverted\"><a href=\"https:\/\/hermannstadt.evang.ro\/wp-content\/uploads\/2020\/03\/KiBiTag2.jpg\" class=\"icn-expand\" data-lb-type=\"grouped-gallery\"><\/a><\/div>\r\n                        <\/div><\/figure><figure class='gallery-item col col-auto'>\r\n                        <div class='gallery-icon portrait czr-gallery-icon'>\r\n                              <a href=https:\/\/hermannstadt.evang.ro\/ro\/kibifest-2\/ class=\"bg-link\"><\/a><img loading=\"lazy\" decoding=\"async\" width=\"150\" height=\"150\" src=\"https:\/\/hermannstadt.evang.ro\/wp-content\/uploads\/2020\/03\/KiBiFest-150x150.jpg\" class=\"attachment-thumbnail size-thumbnail\" alt=\"\" sizes=\"auto, (min-width: 1200px) 112.5px, (min-width: 992px) 90px, (min-width: 768px) 60px, (min-width: 576px) 105px, calc( 50vw - 30px )\" srcset=\"https:\/\/hermannstadt.evang.ro\/wp-content\/uploads\/2020\/03\/KiBiFest-150x150.jpg 150w, https:\/\/hermannstadt.evang.ro\/wp-content\/uploads\/2020\/03\/KiBiFest-510x510.jpg 510w\" \/><div class=\"post-action btn btn-skin-dark-shaded inverted\"><a href=\"https:\/\/hermannstadt.evang.ro\/wp-content\/uploads\/2020\/03\/KiBiFest.jpg\" class=\"icn-expand\" data-lb-type=\"grouped-gallery\"><\/a><\/div>\r\n                        <\/div><\/figure><figure class='gallery-item col col-auto'>\r\n                        <div class='gallery-icon landscape czr-gallery-icon'>\r\n                              <a href=https:\/\/hermannstadt.evang.ro\/ro\/kibi6-2\/ class=\"bg-link\"><\/a><img loading=\"lazy\" decoding=\"async\" width=\"150\" height=\"150\" src=\"https:\/\/hermannstadt.evang.ro\/wp-content\/uploads\/2020\/03\/Kibi6-150x150.jpg\" class=\"attachment-thumbnail size-thumbnail\" alt=\"\" sizes=\"auto, (min-width: 1200px) 112.5px, (min-width: 992px) 90px, (min-width: 768px) 60px, (min-width: 576px) 105px, calc( 50vw - 30px )\" srcset=\"https:\/\/hermannstadt.evang.ro\/wp-content\/uploads\/2020\/03\/Kibi6-150x150.jpg 150w, https:\/\/hermannstadt.evang.ro\/wp-content\/uploads\/2020\/03\/Kibi6-510x510.jpg 510w\" \/><div class=\"post-action btn btn-skin-dark-shaded inverted\"><a href=\"https:\/\/hermannstadt.evang.ro\/wp-content\/uploads\/2020\/03\/Kibi6.jpg\" class=\"icn-expand\" data-lb-type=\"grouped-gallery\"><\/a><\/div>\r\n                        <\/div><\/figure><figure class='gallery-item col col-auto'>\r\n                        <div class='gallery-icon landscape czr-gallery-icon'>\r\n                              <a href=https:\/\/hermannstadt.evang.ro\/ro\/kibi5-2\/ class=\"bg-link\"><\/a><img loading=\"lazy\" decoding=\"async\" width=\"150\" height=\"150\" src=\"https:\/\/hermannstadt.evang.ro\/wp-content\/uploads\/2020\/03\/Kibi5-150x150.jpg\" class=\"attachment-thumbnail size-thumbnail\" alt=\"\" sizes=\"auto, (min-width: 1200px) 112.5px, (min-width: 992px) 90px, (min-width: 768px) 60px, (min-width: 576px) 105px, calc( 50vw - 30px )\" srcset=\"https:\/\/hermannstadt.evang.ro\/wp-content\/uploads\/2020\/03\/Kibi5-150x150.jpg 150w, https:\/\/hermannstadt.evang.ro\/wp-content\/uploads\/2020\/03\/Kibi5-510x510.jpg 510w\" \/><div class=\"post-action btn btn-skin-dark-shaded inverted\"><a href=\"https:\/\/hermannstadt.evang.ro\/wp-content\/uploads\/2020\/03\/Kibi5.jpg\" class=\"icn-expand\" data-lb-type=\"grouped-gallery\"><\/a><\/div>\r\n                        <\/div><\/figure><figure class='gallery-item col col-auto'>\r\n                        <div class='gallery-icon landscape czr-gallery-icon'>\r\n                              <a href=https:\/\/hermannstadt.evang.ro\/ro\/kibi4-2\/ class=\"bg-link\"><\/a><img loading=\"lazy\" decoding=\"async\" width=\"150\" height=\"150\" src=\"https:\/\/hermannstadt.evang.ro\/wp-content\/uploads\/2020\/03\/KiBi4-150x150.jpg\" class=\"attachment-thumbnail size-thumbnail\" alt=\"\" sizes=\"auto, (min-width: 1200px) 112.5px, (min-width: 992px) 90px, (min-width: 768px) 60px, (min-width: 576px) 105px, calc( 50vw - 30px )\" srcset=\"https:\/\/hermannstadt.evang.ro\/wp-content\/uploads\/2020\/03\/KiBi4-150x150.jpg 150w, https:\/\/hermannstadt.evang.ro\/wp-content\/uploads\/2020\/03\/KiBi4-510x510.jpg 510w\" \/><div class=\"post-action btn btn-skin-dark-shaded inverted\"><a href=\"https:\/\/hermannstadt.evang.ro\/wp-content\/uploads\/2020\/03\/KiBi4.jpg\" class=\"icn-expand\" data-lb-type=\"grouped-gallery\"><\/a><\/div>\r\n                        <\/div><\/figure><figure class='gallery-item col col-auto'>\r\n                        <div class='gallery-icon portrait czr-gallery-icon'>\r\n                              <a href=https:\/\/hermannstadt.evang.ro\/ro\/parohie\/copii\/eltern-und-kinder-beim-erntedankfest-2\/ class=\"bg-link\"><\/a><img loading=\"lazy\" decoding=\"async\" width=\"150\" height=\"150\" src=\"https:\/\/hermannstadt.evang.ro\/wp-content\/uploads\/2020\/03\/Eltern-und-Kinder-Beim-Erntedankfest-150x150.jpg\" class=\"attachment-thumbnail size-thumbnail\" alt=\"\" sizes=\"auto, (min-width: 1200px) 112.5px, (min-width: 992px) 90px, (min-width: 768px) 60px, (min-width: 576px) 105px, calc( 50vw - 30px )\" srcset=\"https:\/\/hermannstadt.evang.ro\/wp-content\/uploads\/2020\/03\/Eltern-und-Kinder-Beim-Erntedankfest-150x150.jpg 150w, https:\/\/hermannstadt.evang.ro\/wp-content\/uploads\/2020\/03\/Eltern-und-Kinder-Beim-Erntedankfest-510x510.jpg 510w\" \/><div class=\"post-action btn btn-skin-dark-shaded inverted\"><a href=\"https:\/\/hermannstadt.evang.ro\/wp-content\/uploads\/2020\/03\/Eltern-und-Kinder-Beim-Erntedankfest.jpg\" class=\"icn-expand\" data-lb-type=\"grouped-gallery\"><\/a><\/div>\r\n                        <\/div><\/figure><figure class='gallery-item col col-auto'>\r\n                        <div class='gallery-icon portrait czr-gallery-icon'>\r\n                              <a href=https:\/\/hermannstadt.evang.ro\/ro\/parohie\/copii\/kibitage-2\/ class=\"bg-link\"><\/a><img loading=\"lazy\" decoding=\"async\" width=\"150\" height=\"150\" src=\"https:\/\/hermannstadt.evang.ro\/wp-content\/uploads\/2020\/03\/KiBiTage-150x150.jpg\" class=\"attachment-thumbnail size-thumbnail\" alt=\"\" sizes=\"auto, (min-width: 1200px) 112.5px, (min-width: 992px) 90px, (min-width: 768px) 60px, (min-width: 576px) 105px, calc( 50vw - 30px )\" srcset=\"https:\/\/hermannstadt.evang.ro\/wp-content\/uploads\/2020\/03\/KiBiTage-150x150.jpg 150w, https:\/\/hermannstadt.evang.ro\/wp-content\/uploads\/2020\/03\/KiBiTage-510x510.jpg 510w\" \/><div class=\"post-action btn btn-skin-dark-shaded inverted\"><a href=\"https:\/\/hermannstadt.evang.ro\/wp-content\/uploads\/2020\/03\/KiBiTage.jpg\" class=\"icn-expand\" data-lb-type=\"grouped-gallery\"><\/a><\/div>\r\n                        <\/div><\/figure>\r\n                  <\/div>\n\n","protected":false},"excerpt":{"rendered":"<p>Noi lucr\u0103m cu copiii, iar ei cu noi: \u00een educa\u021bia religioas\u0103, \u00een celebr\u0103ri \u0219i corul pentru copii \u0219i \u00een activit\u0103\u021bile de recreere ale bisericii. Aceste domenii se completeaz\u0103 reciproc, \u0219i sunt interconectate. Oferim participarea la diferite grupe muzicale \u0219i \u00een vacan\u021be zile biblice pentru copii. Copiii \u00eenva\u021b\u0103 despre pove\u0219tile biblice, aprofundeaz\u0103 con\u021binutul acestora prin diverse [&hellip;]<\/p>\n","protected":false},"author":2,"featured_media":0,"parent":2648,"menu_order":0,"comment_status":"closed","ping_status":"closed","template":"","meta":{"footnotes":""},"class_list":["post-3949","page","type-page","status-publish","czr-hentry"],"_links":{"self":[{"href":"https:\/\/hermannstadt.evang.ro\/ro\/wp-json\/wp\/v2\/pages\/3949","targetHints":{"allow":["GET"]}}],"collection":[{"href":"https:\/\/hermannstadt.evang.ro\/ro\/wp-json\/wp\/v2\/pages"}],"about":[{"href":"https:\/\/hermannstadt.evang.ro\/ro\/wp-json\/wp\/v2\/types\/page"}],"author":[{"embeddable":true,"href":"https:\/\/hermannstadt.evang.ro\/ro\/wp-json\/wp\/v2\/users\/2"}],"replies":[{"embeddable":true,"href":"https:\/\/hermannstadt.evang.ro\/ro\/wp-json\/wp\/v2\/comments?post=3949"}],"version-history":[{"count":7,"href":"https:\/\/hermannstadt.evang.ro\/ro\/wp-json\/wp\/v2\/pages\/3949\/revisions"}],"predecessor-version":[{"id":8001,"href":"https:\/\/hermannstadt.evang.ro\/ro\/wp-json\/wp\/v2\/pages\/3949\/revisions\/8001"}],"up":[{"embeddable":true,"href":"https:\/\/hermannstadt.evang.ro\/ro\/wp-json\/wp\/v2\/pages\/2648"}],"wp:attachment":[{"href":"https:\/\/hermannstadt.evang.ro\/ro\/wp-json\/wp\/v2\/media?parent=3949"}],"curies":[{"name":"wp","href":"https:\/\/api.w.org\/{rel}","templated":true}]}}